{"id":3138,"date":"2020-03-24T10:34:22","date_gmt":"2020-03-24T10:34:22","guid":{"rendered":"https:\/\/www.gecp.pt\/?page_id=3138"},"modified":"2021-03-10T18:28:07","modified_gmt":"2021-03-10T18:28:07","slug":"primavera-2021","status":"publish","type":"page","link":"https:\/\/www.gecp.pt\/en\/primavera-2021\/","title":{"rendered":"SPRING 2021"},"content":{"rendered":"<!--themify_builder_content-->\n<div id=\"themify_builder_content-3138\" data-postid=\"3138\" class=\"themify_builder_content themify_builder_content-3138 themify_builder tf_clear\">\n                    <div  data-lazy=\"1\" class=\"module_row themify_builder_row tb_jfn2797 tb_first tf_w\">\n                        <div class=\"row_inner col_align_top tb_col_count_1 tf_box tf_rel\">\n                        <div  data-lazy=\"1\" class=\"module_column tb-column col-full tb_k5bu798 first\">\n                    <!-- module divider -->\n<div  class=\"module tf_mw module-divider tb_t4q8354 solid\" style=\"border-width: 1px;border-color: #ffffff;margin-top: 20px;margin-bottom: 20px;\" data-lazy=\"1\">\n    <\/div>\n<!-- \/module divider -->\n<!-- module fancy heading -->\n<div  class=\"module module-fancy-heading tb_f4c5636  tb_hide_divider\" data-lazy=\"1\">\n        <h3 class=\"fancy-heading tf_textc\">\n    <span class=\"main-head tf_block\">\n                    Spring Meeting 2021            <\/span>\n\n    \n    <span class=\"sub-head tf_block tf_rel\">\n                    Virtual Format            <\/span>\n    <\/h3>\n<\/div>\n<!-- \/module fancy heading -->\n<!-- module divider -->\n<div  class=\"module tf_mw module-divider tb_7lhc743 solid\" style=\"border-width: 1px;border-color: #ffffff;margin-top: 20px;margin-bottom: 20px;\" data-lazy=\"1\">\n    <\/div>\n<!-- \/module divider -->\n<!-- module text -->\n<div  class=\"module module-text tb_gw9b367\" data-lazy=\"1\">\n        <div  class=\"tb_text_wrap\">\n        <p class=\"quote\">Infelizmente, devido \u00e0 infe\u00e7\u00e3o mundial pelo COVID-19 e as suas repercuss\u00f5es em Portugal e dando cumprimento \u00e0 recomenda\u00e7\u00e3o da DGS, vemo-nos obrigados a realizar a <strong>Reuni\u00e3o da Primavera e a Assembleia Geral, em formato online.<\/strong><\/p>\n<p>Boletim de inscri\u00e7\u00e3o atrav\u00e9s do seguinte\u00a0<strong><a href=\"http:\/\/tracking.skyros-congressos.com\/tracking\/click?d=srL7-x1PUZBpQfs_8fqXpaxXedBsISDcBJOJcW31uwu5bTVs8uH8NXGaZ0PhZx_n0hhxDB8n2S9AVXGoF6CN-Be_6cQuF1drhQXylOIzF5r_S4stM5kMOFjdPYuGeRX0YTj4ael1JGWvbbEtOgFlIvrDGsb0CdGj8nZcuS9v1tbxhB5Num9lAdbrUP7x0hQf8ATahbP5hXcaDWZPKivjru09p0aGTUkJJGcLLM8MWpl4QiBKnfBM49DuSOLfs8X-AIpEJmaKkwDqWTm4mqDpum65fwvNuhm7otS4-OfsDGGq0\" target=\"_blank\" rel=\"noopener noreferrer\">link<\/a><\/strong><\/p>\n<p>A data limite para recep\u00e7\u00e3o de inscri\u00e7\u00f5es \u00e9 15 de Mar\u00e7o de 2021.<\/p>    <\/div>\n<\/div>\n<!-- \/module text --><!-- module divider -->\n<div  class=\"module tf_mw module-divider tb_f7ef301 solid\" style=\"border-width: 15px;border-color: #ffffff;\" data-lazy=\"1\">\n    <\/div>\n<!-- \/module divider -->\n        <\/div>\n                        <\/div>\n        <\/div>\n                        <div  data-lazy=\"1\" class=\"module_row themify_builder_row tb_k090966 tf_w\">\n                        <div class=\"row_inner col_align_top tb_col_count_2 tf_box tf_rel\">\n                        <div  data-lazy=\"1\" class=\"module_column tb-column col2-1 tb_oj9k966 first\">\n                    <!-- module image -->\n<div  class=\"module module-image tb_kz95802 image-top   tf_mw\" data-lazy=\"1\">\n        <div class=\"image-wrap tf_rel tf_mw\">\n            <img src=\"https:\/\/www.gecp.pt\/wp-content\/uploads\/2021\/03\/gecp_primavera_alteracao_2021.png\" class=\"wp-post-image wp-image-8760\" title=\"gecp_primavera_alteracao_2021\" alt=\"gecp_primavera_alteracao_2021\" srcset=\"https:\/\/www.gecp.pt\/wp-content\/uploads\/2021\/03\/gecp_primavera_alteracao_2021.png 1810w, https:\/\/www.gecp.pt\/wp-content\/uploads\/2021\/03\/gecp_primavera_alteracao_2021-300x300.png 300w, https:\/\/www.gecp.pt\/wp-content\/uploads\/2021\/03\/gecp_primavera_alteracao_2021-1019x1024.png 1019w, https:\/\/www.gecp.pt\/wp-content\/uploads\/2021\/03\/gecp_primavera_alteracao_2021-150x150.png 150w, https:\/\/www.gecp.pt\/wp-content\/uploads\/2021\/03\/gecp_primavera_alteracao_2021-768x772.png 768w, https:\/\/www.gecp.pt\/wp-content\/uploads\/2021\/03\/gecp_primavera_alteracao_2021-1528x1536.png 1528w, https:\/\/www.gecp.pt\/wp-content\/uploads\/2021\/03\/gecp_primavera_alteracao_2021-12x12.png 12w\" sizes=\"(max-width: 1810px) 100vw, 1810px\" \/>    \n        <\/div>\n    <!-- \/image-wrap -->\n    \n        <\/div>\n<!-- \/module image --><!-- module divider -->\n<div  class=\"module tf_mw module-divider tb_5zew41 solid\" style=\"border-width: 1px;border-color: #ffffff;\" data-lazy=\"1\">\n    <\/div>\n<!-- \/module divider -->\n<!-- module text -->\n<div  class=\"module module-text tb_hftp182\" data-lazy=\"1\">\n        <div  class=\"tb_text_wrap\">\n        <p>Para mais informa\u00e7\u00f5es contacte: <a href=\"mailto:gecp@skyros-congressos.com\">gecp@skyros-congressos.com<\/a><\/p>    <\/div>\n<\/div>\n<!-- \/module text -->        <\/div>\n                    <div  data-lazy=\"1\" class=\"module_column tb-column col2-1 tb_nkxv967 last\">\n                    <!-- module text -->\n<div  class=\"module module-text tb_vz72728\" data-lazy=\"1\">\n        <div  class=\"tb_text_wrap\">\n        <div>\n<p><strong>09h30- 11h:<\/strong> <strong>Tratamento do CPNPC Estadio III N2<\/strong><\/p>\n<p>Moderadores: <em>Ana Figueiredo (GECP), Paulo Costa (GECP)<\/em><\/p>\n<p>Papel da Cirurgia \u2013 <em>Jos\u00e9 Miranda (CHVNG\/E)<\/em><\/p>\n<p>Papel da Radioterapia \u2013 <em>Tiago Figueiredo (IPOPFG)<\/em><\/p>\n<p>Papel da Terap\u00eautica Sist\u00e9mica \u2013 <em>Ana Rodrigues (IPOPFG)<\/em><\/p>\n<p>Comentadores: <em>Cristina Rodrigues (GECP), Fernanda Estevinho (GECP), Encarna\u00e7\u00e3o Teixeira (GECP), Paula Alves (IPOCFG), Paulo Calvinho (CHUC), Catarina Travancinha (GECP)<\/em><\/p>\n<p><strong>11h20-12h30: Projetos GECP<\/strong><\/p>\n<p>Moderadores: <em>Marta Soares (GECP), Ana Barroso (GECP)<\/em><\/p>\n<p>Experi\u00eancia com N2\u00a0em Portugal (N2Portugal) \u2013 <em>Paulo Calvinho (CHUC),<\/em><\/p>\n<p>Fatores de Progn\u00f3stico nos doentes tratados com imunoterapia (IPrognosis) \u2013 <em>Sofia Ferreira (IPOLFG)<\/em><\/p>\n<p>Estudo Epidemiol\u00f3gico Cancro Tor\u00e1cico em Portugal (EPICAT) &#8211; <em>Teresa Almodovar (GECP)<\/em><\/p>\n<p>\u00a0<\/p>\n<p><strong>13h: Assembleia Geral<\/strong><\/p>\n<p><strong>15h:<\/strong> <strong>Boas Pr\u00e1ticas de Peer<\/strong> <strong>Review<\/strong> <em>Helena Donato (CHUC)<\/em><\/p>\n<\/div>    <\/div>\n<\/div>\n<!-- \/module text --><!-- module buttons -->\n<div  class=\"module module-buttons tb_wao9644 buttons-horizontal solid  circle\" data-lazy=\"1\">\n        <div class=\"module-buttons-item tf_in_flx\">\n                        <a href=\"https:\/\/gecp.pt\/wp-content\/uploads\/Reunioes\/Reuniao_Primavera_2021.pdf\" class=\"ui builder_button tf_in_flx transparent\" target=\"_blank\" rel=\"noopener\">\n                                                DOWNLOAD THE PROGRAM                                        <\/a>\n                <\/div>\n            <\/div>\n<!-- \/module buttons -->\n        <\/div>\n                        <\/div>\n        <\/div>\n                        <div  data-lazy=\"1\" class=\"module_row themify_builder_row tb_nuw720 tf_w\">\n                        <div class=\"row_inner col_align_top tb_col_count_1 tf_box tf_rel\">\n                        <div  data-lazy=\"1\" class=\"module_column tb-column col-full tb_ky3221 first\">\n                    <!-- module divider -->\n<div  class=\"module tf_mw module-divider tb_70xu783 solid\" style=\"border-width: 1px;border-color: #ffffff;margin-top: 30px;\" data-lazy=\"1\">\n    <\/div>\n<!-- \/module divider -->\n        <\/div>\n                        <\/div>\n        <\/div>\n        <\/div>\n<!--\/themify_builder_content-->\n<!-- AddThis Advanced Settings generic via filter on the_content --><!-- AddThis Share Buttons generic via filter on the_content -->","protected":false},"excerpt":{"rendered":"<p>Infelizmente, devido \u00e0 infe\u00e7\u00e3o mundial pelo COVID-19 e as suas repercuss\u00f5es em Portugal e dando cumprimento \u00e0 recomenda\u00e7\u00e3o da DGS, vemo-nos obrigados a realizar a Reuni\u00e3o da Primavera e a Assembleia Geral, em formato online. Boletim de inscri\u00e7\u00e3o atrav\u00e9s do&#8230;<!-- AddThis Advanced Settings generic via filter on get_the_excerpt --><!-- AddThis Share Buttons generic via filter on get_the_excerpt --><\/p>","protected":false},"author":1,"featured_media":0,"parent":0,"menu_order":0,"comment_status":"closed","ping_status":"closed","template":"","meta":{"om_disable_all_campaigns":false,"_monsterinsights_skip_tracking":false,"_monsterinsights_sitenote_active":false,"_monsterinsights_sitenote_note":"","_monsterinsights_sitenote_category":0,"ngg_post_thumbnail":0},"_links":{"self":[{"href":"https:\/\/www.gecp.pt\/en\/wp-json\/wp\/v2\/pages\/3138"}],"collection":[{"href":"https:\/\/www.gecp.pt\/en\/wp-json\/wp\/v2\/pages"}],"about":[{"href":"https:\/\/www.gecp.pt\/en\/wp-json\/wp\/v2\/types\/page"}],"author":[{"embeddable":true,"href":"https:\/\/www.gecp.pt\/en\/wp-json\/wp\/v2\/users\/1"}],"replies":[{"embeddable":true,"href":"https:\/\/www.gecp.pt\/en\/wp-json\/wp\/v2\/comments?post=3138"}],"version-history":[{"count":77,"href":"https:\/\/www.gecp.pt\/en\/wp-json\/wp\/v2\/pages\/3138\/revisions"}],"predecessor-version":[{"id":8788,"href":"https:\/\/www.gecp.pt\/en\/wp-json\/wp\/v2\/pages\/3138\/revisions\/8788"}],"wp:attachment":[{"href":"https:\/\/www.gecp.pt\/en\/wp-json\/wp\/v2\/media?parent=3138"}],"curies":[{"name":"wp","href":"https:\/\/api.w.org\/{rel}","templated":true}]}}