{"id":3,"date":"2020-02-13T23:05:03","date_gmt":"2020-02-13T23:05:03","guid":{"rendered":"https:\/\/www.gecp.pt\/?page_id=3"},"modified":"2023-06-10T17:46:04","modified_gmt":"2023-06-10T16:46:04","slug":"politica-privacidade-e-cookies","status":"publish","type":"page","link":"https:\/\/www.gecp.pt\/en\/politica-privacidade-e-cookies\/","title":{"rendered":"POL\u00cdTICA DE PRIVACIDADE e COOKIES"},"content":{"rendered":"<!--themify_builder_content-->\n<div id=\"themify_builder_content-3\" data-postid=\"3\" class=\"themify_builder_content themify_builder_content-3 themify_builder tf_clear\">\n                    <div  data-lazy=\"1\" class=\"module_row themify_builder_row tb_knpd817 tb_first tf_w\">\n                        <div class=\"row_inner col_align_top tb_col_count_1 tf_box tf_rel\">\n                        <div  data-lazy=\"1\" class=\"module_column tb-column col-full tb_p362818 first\">\n                    <!-- module fancy heading -->\n<div  class=\"module module-fancy-heading tb_iktm933  tb_hide_divider\" data-lazy=\"1\">\n        <h3 class=\"fancy-heading tf_textc\">\n    <span class=\"main-head tf_block\">\n                    POL\u00cdTICA DE PRIVACIDADE            <\/span>\n\n    \n    <span class=\"sub-head tf_block tf_rel\">\n                    E COOKIES            <\/span>\n    <\/h3>\n<\/div>\n<!-- \/module fancy heading -->\n<!-- module text -->\n<div  class=\"module module-text tb_2sfd123\" data-lazy=\"1\">\n        <div  class=\"tb_text_wrap\">\n        <p style=\"box-sizing: border-box; margin: 0px 0px 24px; padding: 0px; border: 0px; outline: 0px; font-family: Lato, Helvetica, sans-serif; vertical-align: baseline; text-align: justify; caret-color: #404040; color: #404040;\"><span style=\"font-size: 16px; font-family: Lato; color: #808080;\">A leitura desta pol\u00edtica \u00e9 importante, pois ao continuar a navegar no nosso website concorda com o uso de cookies no seu browser e dispositivos utilizados, exceto se os tiver desactivado.<\/span><\/p>\n<p style=\"box-sizing: border-box; margin: 0px 0px 24px; padding: 0px; border: 0px; outline: 0px; font-family: Lato, Helvetica, sans-serif; vertical-align: baseline; text-align: justify; caret-color: #404040; color: #404040;\"><span style=\"font-size: 16px; color: #808080;\">O GECP respeita o direito \u00e0 privacidade e \u00e0 prote\u00e7\u00e3o dos dados registados pelos utilizadores e n\u00e3o recolhe no site dados pessoais (podem incluir nome, endere\u00e7o, n\u00famero de telefone e endere\u00e7o de e-mail), sem que estes sejam voluntariamente fornecidos.<\/span><\/p>\n<div style=\"box-sizing: border-box; margin: 0px; padding: 0px; border: 0px; outline: 0px; font-family: Lato, Helvetica, sans-serif; vertical-align: baseline; caret-color: #404040; color: #404040;\">\n<p style=\"box-sizing: border-box; margin: 0px 0px 24px; padding: 0px; border: 0px; outline: 0px; font-family: inherit; font-style: inherit; vertical-align: baseline; text-align: justify;\"><span style=\"font-size: 16px; color: #808080;\">O GECP assegura ainda aos seus utilizadores que todos os dados facultados ser\u00e3o utilizados apenas para a finalidade pretendida e que ser\u00e3o tratados com todas as garantias de seguran\u00e7a e confidencialidade, dentro das leis de prote\u00e7\u00e3o de dados aplic\u00e1veis. Caso se pretenda, o titular dos dados tem o direito de obter acesso, retificar ou eliminar os dados fornecidos, ou eliminar a sua conta.<\/span><\/p>\n<p style=\"box-sizing: border-box; margin: 0px 0px 24px; padding: 0px; border: 0px; outline: 0px; font-family: inherit; font-style: inherit; vertical-align: baseline; text-align: justify;\"><span style=\"font-size: 16px; color: #808080;\">O utilizador pode em qualquer altura, autorizar a utiliza\u00e7\u00e3o dos seus dados para fins de publicidade, pesquisa de mercado e opini\u00e3o, ou um consentimento para a utiliza\u00e7\u00e3o dos seus dados com efeitos para o futuro. Se receber um e-mail do GECP, pode acionar a anula\u00e7\u00e3o de forma r\u00e1pida, clicando no link no e-mail e seguindo as instru\u00e7\u00f5es.<\/span><\/p>\n<\/div>\n<p><span style=\"font-family: Lato; font-size: 16px; color: #808080;\">Informa\u00e7\u00f5es adicionais sobre prote\u00e7\u00e3o de dados<\/span><\/p>\n<p><span style=\"font-family: Lato; font-size: 16px; color: #808080;\">Quem \u00e9 o respons\u00e1vel pelo processamento dos seus dados?<\/span><\/p>\n<div><span style=\"font-family: Lato; font-size: 16px; color: #808080;\">Identidade: GECP &#8211; Grupo de Estudos do Cancro do Pulm\u00e3o<\/span><\/div>\n<div><p><span style=\"font-family: Lato; font-size: 16px; color: #808080;\">Endere\u00e7o: &nbsp;Av. D. Jo\u00e3o II n.\u00ba 35, piso 11A<\/span>&nbsp;&#8211;&nbsp;<span style=\"font-family: Lato; font-size: 16px; color: #808080;\">Parque das Na\u00e7\u00f5es<\/span><\/p>\n<div><span style=\"font-family: Lato; font-size: 16px;\">C\u00f3digo Postal: 1990-083 Lisboa &#8211; Portugal<\/span><\/div>\n<div><span style=\"font-family: Lato; font-size: 16px; color: #808080;\"><br><\/span><\/div>\n<div><p><span style=\"font-family: Lato; font-size: 16px; color: #808080;\">Com que finalidade processamos os seus dados pessoais?<\/span><\/p>\n<p><span style=\"font-family: Lato; font-size: 16px; color: #808080;\">No GECP tratamos as informa\u00e7\u00f5es prestadas pelos interessados \u200b\u200bpara:<\/span><\/p>\n<ul>\n<li><span style=\"font-family: Lato; font-size: 16px; color: #808080;\">Gest\u00e3o dos dados dos profissionais vinculados \u00e0 associa\u00e7\u00e3o e dedicados ao estudo e investiga\u00e7\u00e3o da patologia, recolhidos atrav\u00e9s da web.<\/span><\/li>\n<li><span style=\"font-family: Lato; font-size: 16px; color: #808080;\">Gest\u00e3o de dados pessoais, bem como dos servi\u00e7os prestados pelos colaboradores do GECP.<\/span><\/li>\n<li><span style=\"font-family: Lato; font-size: 16px; color: #808080;\">Gest\u00e3o de dados de participantes em eventos organizados pela entidade.<\/span><br \/>\n<span style=\"font-family: Lato; font-size: 16px; color: #808080;\">Gest\u00e3o dos curr\u00edculos recebidos no GECP para cobertura de eventuais vagas na mesma.<\/span><\/li>\n<li><span style=\"font-family: Lato; font-size: 16px; color: #808080;\">Gest\u00e3o de dados de pesquisa n\u00e3o vinculados ao grupo e que participam do estudo de casos espec\u00edficos.<\/span><\/li>\n<li><span style=\"font-family: Lato; font-size: 16px; color: #808080;\">Gest\u00e3o fiscal e contabilidade do GECP.<\/span><\/li>\n<li><span style=\"font-family: Lato; font-size: 16px; color: #808080;\">Gest\u00e3o de patrocinadores e doa\u00e7\u00f5es realizadas.<\/span><br \/>\n<span style=\"font-family: Lato; font-size: 16px; color: #808080;\">Gest\u00e3o do trabalho do GECP, preven\u00e7\u00e3o de riscos ocupacionais e vigil\u00e2ncia sanit\u00e1ria.<\/span><\/li>\n<li><span style=\"font-family: Lato; font-size: 16px; color: #808080;\">Gest\u00e3o do relacionamento mantido com os fornecedores do GECP.<\/span><\/li>\n<li><span style=\"font-family: Lato; font-size: 16px; color: #808080;\">Gest\u00e3o de dados de usu\u00e1rios, contatos de e-mail e aqueles obtidos no formul\u00e1rio de contato do site ou formul\u00e1rio de novos s\u00f3cios.<\/span><\/li>\n<li><span style=\"font-family: Lato; font-size: 16px; color: #808080;\">Gerenciamento das imagens capturadas para a seguran\u00e7a das instala\u00e7\u00f5es do GECP.<\/span><\/li>\n<li><span style=\"font-family: Lato; font-size: 16px; color: #808080;\">Gest\u00e3o dos dados pessoais das pessoas que se inscrevem no site GECP.<\/span><\/li>\n<\/ul>\n<p><span style=\"font-family: Lato; font-size: 16px; color: #808080;\">Por quanto tempo vamos manter seus dados?<\/span><\/p>\n<p><span style=\"font-family: Lato; font-size: 16px; color: #808080;\">Os dados pessoais fornecidos ser\u00e3o conservados enquanto se mantiver a rela\u00e7\u00e3o existente, a sua elimina\u00e7\u00e3o n\u00e3o seja solicitada pelo interessado ou nos casos em que seja autorizado por norma com for\u00e7a de lei.<\/span><\/p>\n<p><span style=\"font-family: Lato; font-size: 16px; color: #808080;\">Qual \u00e9 a legitimidade para o processamento de seus dados?<\/span><\/p>\n<p><span style=\"font-family: Lato; font-size: 16px; color: #808080;\">A base legal para o tratamento dos seus dados \u00e9 a presta\u00e7\u00e3o de servi\u00e7os no dom\u00ednio da investiga\u00e7\u00e3o e desenvolvimento, de acordo com os termos e condi\u00e7\u00f5es contratados, a gest\u00e3o dos recursos humanos da entidade, ou o cumprimento das obriga\u00e7\u00f5es legais em vigor.<\/span><\/p>\n<p><span style=\"font-family: Lato; font-size: 16px; color: #808080;\">A quais destinat\u00e1rios seus dados ser\u00e3o comunicados?<\/span><\/p>\n<p><span style=\"font-family: Lato; font-size: 16px; color: #808080;\">Os dados ser\u00e3o comunicados para fins administrativos internos, incluindo o tratamento de dados pessoais de clientes ou funcion\u00e1rios, \u00e0s administra\u00e7\u00f5es p\u00fablicas para cumprimento da legisla\u00e7\u00e3o em vigor, ou aos gestores de tratamento que nos oferecem os seus servi\u00e7os:<\/span><\/p>\n<p><span style=\"font-family: Lato; font-size: 16px; color: #808080;\">Consultoria sobre a implementa\u00e7\u00e3o do RGPD (UE) 2016\/679<\/span><br \/>\n<span style=\"font-family: Lato; font-size: 16px; color: #808080;\">Assessoria trabalhista e tratamento contabilidade fiscal<\/span><br \/>\n<span style=\"font-family: Lato; font-size: 16px; color: #808080;\">Preven\u00e7\u00e3o de riscos ocupacionais e vigil\u00e2ncia sanit\u00e1ria<\/span><br \/>\n<span style=\"font-family: Lato; font-size: 16px; color: #808080;\">Video vigil\u00e2ncia<\/span><br \/>\n<span style=\"font-family: Lato; font-size: 16px; color: #808080;\">Dom\u00ednio e hospedagem na web (hospedagem)<\/span><br \/>\n<span style=\"font-family: Lato; font-size: 16px; color: #808080;\">Arquivo e gest\u00e3o de documentos<\/span><br \/>\n<span style=\"font-family: Lato; font-size: 16px; color: #808080;\">Gest\u00e3o de bolsas<\/span><br \/>\n<span style=\"font-family: Lato; font-size: 16px; color: #808080;\">Viagem corporativa<\/span><br \/>\n<span style=\"font-family: Lato; font-size: 16px; color: #808080;\">Auditoria de contas<\/span><br \/>\n<span style=\"font-family: Lato; font-size: 16px; color: #808080;\">Eventos em streeming<\/span><br \/>\n<span style=\"font-family: Lato; font-size: 16px; color: #808080;\">Organiza\u00e7\u00e3o de eventos<\/span><br \/>\n<span style=\"font-family: Lato; font-size: 16px; color: #808080;\">Comunica\u00e7\u00e3o e gerenciamento de concurso<\/span><br \/>\n<span style=\"font-family: Lato; font-size: 16px; color: #808080;\">treinamento cont\u00ednuo e reciclagem de trabalhadores<\/span><\/p>\n<p><span style=\"font-family: Lato; font-size: 16px; color: #808080;\">Quais s\u00e3o seus direitos ao nos fornecer seus dados?<\/span><\/p>\n<p><span style=\"font-family: Lato; font-size: 16px; color: #808080;\">Qualquer pessoa tem o direito de obter confirma\u00e7\u00e3o se estamos ou n\u00e3o tratando dados pessoais que lhes digam respeito.<\/span><\/p>\n<p><span style=\"font-family: Lato; font-size: 16px; color: #808080;\">As pessoas interessadas t\u00eam o direito de acesso aos seus dados pessoais, bem como de solicitar a retifica\u00e7\u00e3o de dados inexatos ou, se for caso disso, solicitar a sua elimina\u00e7\u00e3o quando, entre outras raz\u00f5es, os dados j\u00e1 n\u00e3o sejam necess\u00e1rios para os fins para que foram coletados.<\/span><\/p>\n<p><span style=\"font-family: Lato; font-size: 16px; color: #808080;\">Em determinadas circunst\u00e2ncias, os interessados \u200b\u200bpodem solicitar a limita\u00e7\u00e3o do tratamento dos seus dados, caso em que apenas os guardaremos para o exerc\u00edcio ou defesa de reclama\u00e7\u00f5es.<\/span><\/p>\n<p><span style=\"font-family: Lato; font-size: 16px; color: #808080;\">Em certas circunst\u00e2ncias e por raz\u00f5es relacionadas com a sua situa\u00e7\u00e3o particular, as partes interessadas podem opor-se ao tratamento dos seus dados. O GECP deixar\u00e1 de processar os dados, salvo por motivos leg\u00edtimos imperiosos, ou para o exerc\u00edcio ou defesa de poss\u00edveis reclama\u00e7\u00f5es.<\/span><\/p>\n<p><span style=\"font-family: Lato; font-size: 16px; color: #808080;\">Como obtivemos seus dados?<\/span><\/p>\n<p><span style=\"font-family: Lato; font-size: 16px; color: #808080;\">Os dados pessoais que tratamos no GECP v\u00eam de:<\/span><\/p>\n<p><span style=\"font-family: Lato; font-size: 16px; color: #808080;\">O interessado ou seu representante legal<\/span><\/p>\n<p><span style=\"font-family: Lato; font-size: 16px; color: #808080;\">As categorias de dados processadas s\u00e3o:<\/span><\/p>\n<ul>\n<li><span style=\"font-family: Lato; font-size: 16px; color: #808080;\">Dados de identifica\u00e7\u00e3o;<\/span><\/li>\n<li><span style=\"font-family: Lato; font-size: 16px; color: #808080;\">C\u00f3digos ou chaves de identifica\u00e7\u00e3o;<\/span><\/li>\n<li><span style=\"font-family: Lato; font-size: 16px; color: #808080;\">Endere\u00e7os postais ou electr\u00f3nicos;<\/span><\/li>\n<li><span style=\"font-family: Lato; font-size: 16px; color: #808080;\">Informa\u00e7\u00e3o profissional;<\/span><\/li>\n<li><span style=\"font-family: Lato; font-size: 16px; color: #808080;\">Dados especialmente protegidos n\u00e3o s\u00e3o processados.<\/span><\/li>\n<\/ul>\n<p>&nbsp;<\/p>\n<div style=\"box-sizing: border-box; margin: 0px; padding: 0px; border: 0px; outline: 0px; font-family: Lato, Helvetica, sans-serif; vertical-align: baseline; caret-color: #404040; color: #404040;\">\n<p style=\"box-sizing: border-box; margin: 0px 0px 24px; padding: 0px; border: 0px; outline: 0px; font-family: inherit; font-style: inherit; vertical-align: baseline; text-align: justify;\"><span style=\"font-size: 16px; color: #808080;\">Aquando do registo no site, o utilizador tem a op\u00e7\u00e3o de autorizar no seu computador, a utiliza\u00e7\u00e3o de cookies no site do GECP. Os cookies s\u00e3o arquivos de texto que permitem reconhecer o utilizador como Cliente registado, permitindo uma visita ao site mais personalizada.<\/span><\/p>\n<p style=\"box-sizing: border-box; margin: 0px 0px 24px; padding: 0px; border: 0px; outline: 0px; font-family: inherit; font-style: inherit; vertical-align: baseline; text-align: justify;\"><span style=\"font-size: 16px; color: #808080;\">No nosso portal oferecemos os chamados plug-ins de v\u00e1rias redes sociais (por exemplo Facebook, twitter, etc\u2026). A Implementa\u00e7\u00e3o desses Plug-ins \u00e9 feita pela addthis.com, que \u00e9 detida e controlada pela Clearsprings Technologies, Inc., 8000 Westpark Drive, Suite 625, McLean, VA 22102, USA<\/span><\/p>\n<p style=\"box-sizing: border-box; margin: 0px 0px 24px; padding: 0px; border: 0px; outline: 0px; font-family: inherit; font-style: inherit; vertical-align: baseline; text-align: justify;\"><span style=\"font-size: 16px; color: #808080;\">Se for membro de uma rede social e clicar num destes Plug-ins, o prestador da rede social poder\u00e1 vir a aceder a sua informa\u00e7\u00e3o que se encontre presente no seu perfil de utilizador. Por favor contacte o seu operador para obter detalhes a respeito das funcionalidades da sua rede social.<\/span><\/p>\n<p style=\"box-sizing: border-box; margin: 0px 0px 24px; padding: 0px; border: 0px; outline: 0px; font-family: inherit; font-style: inherit; vertical-align: baseline; text-align: justify;\"><span style=\"font-size: 16px; color: #808080;\">Ao visitar uma das nossas p\u00e1ginas contendo esses ditos Plug-ins, o seu browser receber\u00e1 automaticamente o Plug-in dos servidores da addthis.com e ir\u00e1 disponibiliz\u00e1-los na sua p\u00e1gina de internet.<\/span><\/p>\n<p style=\"box-sizing: border-box; margin: 0px 0px 24px; padding: 0px; border: 0px; outline: 0px; font-family: inherit; font-style: inherit; vertical-align: baseline; text-align: justify;\"><span style=\"font-size: 16px; color: #808080;\">\u00c9 poss\u00edvel que a addthis.com transfira a sua informa\u00e7\u00e3o. Para obter informa\u00e7\u00e3o detalhada por favor visitar a pol\u00edtica de privacidade da addthis.com neste local&nbsp;<a style=\"box-sizing: border-box; color: #808080; text-decoration: none; margin: 0px; padding: 0px; border: 0px; outline: 0px; font-family: inherit; font-style: inherit; vertical-align: baseline; transition: all 700ms; background-position: 0px 0px;\" href=\"http:\/\/www.addthis.com\/privacy\">http:\/\/www.addthis.com\/privacy<\/a>.<\/span><\/p>\n<p style=\"box-sizing: border-box; margin: 0px 0px 24px; padding: 0px; border: 0px; outline: 0px; font-family: inherit; font-style: inherit; vertical-align: baseline; text-align: justify;\"><span style=\"font-size: 16px; color: #808080;\">Se quiser bloquear esta funcionalidade, por favor configure o seu Browser relativamente \u00e0 manuten\u00e7\u00e3o e armazenamento de informa\u00e7\u00f5es pessoais e sinalizadores de rede. Poder\u00e1 tamb\u00e9m obter esta informa\u00e7\u00e3o junto do criador do teu Browser ou nos prestadores das tamb\u00e9m chamadas extens\u00f5es de p\u00e1ginas de rede e Plug-ins.<\/span><\/p>\n<p>&nbsp;<\/p>\n<\/div>\n<\/div>\n<\/div>\n    <\/div>\n<\/div>\n<!-- \/module text --><!-- module text -->\n<div  class=\"module module-text tb_e17n935\" data-lazy=\"1\">\n        <div  class=\"tb_text_wrap\">\n        <p style=\"box-sizing: border-box; margin: 0px 0px 24px; padding: 0px; border: 0px; outline: 0px; font-family: Lato, Helvetica, sans-serif; vertical-align: baseline; text-align: justify; caret-color: #404040; color: #404040;\"><strong style=\"box-sizing: border-box; margin: 0px; padding: 0px; border: 0px; outline: 0px; font-family: inherit; font-style: inherit; vertical-align: baseline;\">O que s\u00e3o Cookies?<\/strong><\/p>\n<p style=\"box-sizing: border-box; margin: 0px 0px 24px; padding: 0px; border: 0px; outline: 0px; font-family: Lato, Helvetica, sans-serif; vertical-align: baseline; text-align: justify; caret-color: #404040; color: #404040;\">Cookies s\u00e3o pequenas etiquetas de software que s\u00e3o armazenadas no seu computador ou outros dispositivos que utilize para aceder \u00e0 internet, atrav\u00e9s do navegador (browser).<\/p>\n<p style=\"box-sizing: border-box; margin: 0px 0px 24px; padding: 0px; border: 0px; outline: 0px; font-family: Lato, Helvetica, sans-serif; vertical-align: baseline; text-align: justify; caret-color: #404040; color: #404040;\">Saiba mais sobre cookies em:\u00a0<a style=\"box-sizing: border-box; color: #e96656; text-decoration: none; margin: 0px; padding: 0px; border: 0px; outline: 0px; font-family: inherit; font-style: inherit; vertical-align: baseline; transition: all 700ms; background-position: 0px 0px;\" href=\"http:\/\/www.allaboutcookies.org\/\" target=\"_blank\" rel=\"noopener\"><span style=\"color: #3366ff;\">allaboutcookies.org<\/span><\/a><\/p>\n<h4 style=\"box-sizing: border-box; font-family: Lato, Helvetica, sans-serif; font-weight: inherit; line-height: inherit; color: #404040; margin: 0px 0px 10px; font-size: 18px; padding: 0px; border: 0px; outline: 0px; vertical-align: baseline; clear: both; font-stretch: inherit; opacity: 1; visibility: visible; transition: opacity 0.24s ease-in-out; caret-color: #404040;\"><strong style=\"box-sizing: border-box; margin: 0px; padding: 0px; border: 0px; outline: 0px; font-family: inherit; font-style: inherit; vertical-align: baseline;\">Qual a finalidade dos Cookies?<\/strong><\/h4>\n<p style=\"box-sizing: border-box; margin: 0px 0px 24px; padding: 0px; border: 0px; outline: 0px; font-family: Lato, Helvetica, sans-serif; vertical-align: baseline; text-align: justify; caret-color: #404040; color: #404040;\">A utiliza\u00e7\u00e3o de cookies tem o objetivo de melhorar a experi\u00eancia de navega\u00e7\u00e3o do utilizador, aumentando a rapidez e efici\u00eancia de resposta dos websites. Elimina a necessidade de introduzir repetidamente as mesmas informa\u00e7\u00f5es e ajudam a determinar a utilidade, interesse e o n\u00famero de utiliza\u00e7\u00f5es. Cada cookie tem uma fun\u00e7\u00e3o e uma data de validade.<\/p>\n<p style=\"box-sizing: border-box; margin: 0px 0px 24px; padding: 0px; border: 0px; outline: 0px; font-family: Lato, Helvetica, sans-serif; vertical-align: baseline; text-align: justify; caret-color: #404040; color: #404040;\">A JanelaWeb n\u00e3o utilizar\u00e1, sem consentimento pr\u00e9vio, dados armazenados em cookies nos casos em que tal seja exigido.<\/p>\n<h4 style=\"box-sizing: border-box; font-family: Lato, Helvetica, sans-serif; font-weight: inherit; line-height: inherit; color: #404040; margin: 0px 0px 10px; font-size: 18px; padding: 0px; border: 0px; outline: 0px; vertical-align: baseline; clear: both; font-stretch: inherit; opacity: 1; visibility: visible; transition: opacity 0.24s ease-in-out; caret-color: #404040;\"><strong style=\"box-sizing: border-box; margin: 0px; padding: 0px; border: 0px; outline: 0px; font-family: inherit; font-style: inherit; vertical-align: baseline;\">Que Cookies s\u00e3o usados no website?<\/strong><\/h4>\n<p style=\"box-sizing: border-box; margin: 0px 0px 24px; padding: 0px; border: 0px; outline: 0px; font-family: Lato, Helvetica, sans-serif; vertical-align: baseline; text-align: justify; caret-color: #404040; color: #404040;\">Este website utiliza \u201ccookies\u201d propriet\u00e1rios e de terceiros. Os cookies de terceiros diferem dos primeiros na medida em que s\u00e3o enviados para o dispositivo do utilizador, a partir de um equipamento ou dom\u00ednio, que n\u00e3o se encontra sob o controlo ou gest\u00e3o direta do GECP .<\/p>\n<h4 style=\"box-sizing: border-box; font-family: Lato, Helvetica, sans-serif; font-weight: inherit; line-height: inherit; color: #404040; margin: 0px 0px 10px; font-size: 18px; padding: 0px; border: 0px; outline: 0px; vertical-align: baseline; clear: both; font-stretch: inherit; opacity: 1; visibility: visible; transition: opacity 0.24s ease-in-out; caret-color: #404040;\"><strong style=\"box-sizing: border-box; margin: 0px; padding: 0px; border: 0px; outline: 0px; font-family: inherit; font-style: inherit; vertical-align: baseline;\">Os cookies podem ser classificados da seguinte forma:<\/strong><\/h4>\n<p style=\"box-sizing: border-box; margin: 0px 0px 24px; padding: 0px; border: 0px; outline: 0px; font-family: Lato, Helvetica, sans-serif; vertical-align: baseline; text-align: justify; caret-color: #404040; color: #404040;\">Cookies essenciais \u2013 S\u00e3o fundamentais para aceder a \u00e1reas espec\u00edficas do website. Permitem a navega\u00e7\u00e3o no website e a utiliza\u00e7\u00e3o das suas aplica\u00e7\u00f5es, tal como o acesso a \u00e1reas seguras atrav\u00e9s de login. Estes Cookies n\u00e3o recolhem informa\u00e7\u00e3o sobre o utilizador que possa ser utilizada para fins de marketing ou de identificar as visitas do utilizador a websites. Sem eles, certos servi\u00e7os n\u00e3o podem ser prestados.<\/p>\n<p style=\"box-sizing: border-box; margin: 0px 0px 24px; padding: 0px; border: 0px; outline: 0px; font-family: Lato, Helvetica, sans-serif; vertical-align: baseline; text-align: justify; caret-color: #404040; color: #404040;\">Cookies anal\u00edticos\u2013 Permitem analisar a forma como os utilizadores usam o website, permitindo destacar artigos ou servi\u00e7os que podem ser do seu interesse, monitorizar o desempenho do mesmo, conhecendo quais as p\u00e1ginas mais populares. Estes cookies s\u00e3o utilizados apenas para efeitos de cria\u00e7\u00e3o e an\u00e1lise estat\u00edstica.<\/p>\n<p style=\"box-sizing: border-box; margin: 0px 0px 24px; padding: 0px; border: 0px; outline: 0px; font-family: Lato, Helvetica, sans-serif; vertical-align: baseline; text-align: justify; caret-color: #404040; color: #404040;\">Cookies funcionais \u2013 Permitem relembrar as prefer\u00eancias do utilizador relativamente \u00e0 navega\u00e7\u00e3o no website. Assim, o utilizador n\u00e3o necessita de o reconfigurar e personalizar cada vez que o visita.<\/p>\n<p style=\"box-sizing: border-box; margin: 0px 0px 24px; padding: 0px; border: 0px; outline: 0px; font-family: Lato, Helvetica, sans-serif; vertical-align: baseline; text-align: justify; caret-color: #404040; color: #404040;\">Cookies de publicidade \u2013 Permite direcionar a publicidade em fun\u00e7\u00e3o dos interesses e h\u00e1bitos de utiliza\u00e7\u00e3o de cada utilizador dentro e fora do nosso website. Estes cookies s\u00e3o utilizados para suportar a realiza\u00e7\u00e3o de a\u00e7\u00f5es de marketing e comunica\u00e7\u00e3o mais direcionada, ajudando tamb\u00e9m a medir a efic\u00e1cia da publicidade.<\/p>\n<p style=\"box-sizing: border-box; margin: 0px 0px 24px; padding: 0px; border: 0px; outline: 0px; font-family: Lato, Helvetica, sans-serif; vertical-align: baseline; text-align: justify; caret-color: #404040; color: #404040;\">Relativamente \u00e0 sua validade, os cookies utilizados podem ainda ser:<\/p>\n<p style=\"box-sizing: border-box; margin: 0px 0px 24px; padding: 0px; border: 0px; outline: 0px; font-family: Lato, Helvetica, sans-serif; vertical-align: baseline; text-align: justify; caret-color: #404040; color: #404040;\">Cookies permanentes \u2013 Ficam armazenados ao n\u00edvel do browser e nos seus dispositivos de acesso (e.g., computador, mobile e tablet) e s\u00e3o utilizados sempre que o utilizador visita novamente o website. Em geral, s\u00e3o utilizados para direcionar a navega\u00e7\u00e3o de acordo com os interesses do utilizador, permitindo ao GECP prestar um servi\u00e7o mais personalizado.<\/p>\n<p style=\"box-sizing: border-box; margin: 0px 0px 24px; padding: 0px; border: 0px; outline: 0px; font-family: Lato, Helvetica, sans-serif; vertical-align: baseline; text-align: justify; caret-color: #404040; color: #404040;\">Cookies de sess\u00e3o \u2013 S\u00e3o gerados e est\u00e3o dispon\u00edveis at\u00e9 encerrar a sess\u00e3o. Da pr\u00f3xima vez que o utilizador aceder ao seu navegador de internet (browser) os cookies j\u00e1 n\u00e3o estar\u00e3o armazenados. A informa\u00e7\u00e3o obtida permite gerir as sess\u00f5es, identificar problemas e fornecer uma melhor experi\u00eancia de navega\u00e7\u00e3o.<\/p>\n<p style=\"box-sizing: border-box; margin: 0px 0px 24px; padding: 0px; border: 0px; outline: 0px; font-family: Lato, Helvetica, sans-serif; vertical-align: baseline; text-align: justify; caret-color: #404040; color: #404040;\">O utilizador tem controlo total sobre as permiss\u00f5es de cookies no Google Chrome. Por pr\u00e9-defini\u00e7\u00e3o, s\u00e3o permitidos todos os cookies, mas pode ajustar esta defini\u00e7\u00e3o. Se os cookies tiverem sido definidos ou bloqueados na p\u00e1gina que estiver a visualizar, \u00e9 apresentado um \u00edcone no final da barra de endere\u00e7o.<\/p>\n<h5 style=\"box-sizing: border-box; font-family: Lato, Helvetica, sans-serif; font-weight: inherit; line-height: inherit; color: #404040; margin: 0px 0px 10px; font-size: 17px; padding: 0px; border: 0px; outline: 0px; vertical-align: baseline; clear: both; font-stretch: inherit; opacity: 1; visibility: visible; transition: opacity 0.24s ease-in-out; caret-color: #404040;\"><strong style=\"box-sizing: border-box; margin: 0px; padding: 0px; border: 0px; outline: 0px; font-family: inherit; font-style: inherit; vertical-align: baseline;\">Google Chrome<\/strong><\/h5>\n<ul style=\"box-sizing: border-box; margin: 0px 0px 1.5em 3em; border: 0px; outline: 0px; font-family: Lato, Helvetica, sans-serif; vertical-align: baseline; list-style-position: initial; list-style-image: initial; caret-color: #404040; color: #404040; padding: 0px 0px 0px 0px !important;\">\n<li style=\"box-sizing: border-box; margin: 0px; padding: 0px; border: 0px; outline: 0px; font-family: inherit; font-style: inherit; vertical-align: baseline;\">Clique no menu do Chrome na barra de ferramentas<\/li>\n<li style=\"box-sizing: border-box; margin: 0px; padding: 0px; border: 0px; outline: 0px; font-family: inherit; font-style: inherit; vertical-align: baseline;\">Selecione \u201cDefini\u00e7\u00f5es\u201d<\/li>\n<li style=\"box-sizing: border-box; margin: 0px; padding: 0px; border: 0px; outline: 0px; font-family: inherit; font-style: inherit; vertical-align: baseline;\">Clique em \u201cMostrar defini\u00e7\u00f5es avan\u00e7adas\u201d<\/li>\n<li style=\"box-sizing: border-box; margin: 0px; padding: 0px; border: 0px; outline: 0px; font-family: inherit; font-style: inherit; vertical-align: baseline;\">Na sec\u00e7\u00e3o \u201cPrivacidade\u201d, clique no bot\u00e3o \u201cDefini\u00e7\u00f5es de conte\u00fado\u201d<\/li>\n<li style=\"box-sizing: border-box; margin: 0px; padding: 0px; border: 0px; outline: 0px; font-family: inherit; font-style: inherit; vertical-align: baseline;\">Selecione a op\u00e7\u00e3o \u201cBloquear defini\u00e7\u00e3o dos dados por parte dos websites\u201d<\/li>\n<li style=\"box-sizing: border-box; margin: 0px; padding: 0px; border: 0px; outline: 0px; font-family: inherit; font-style: inherit; vertical-align: baseline;\">Pode alterar as seguintes defini\u00e7\u00f5es de cookies na sec\u00e7\u00e3o \u201cCookies\u201d:<\/li>\n<li style=\"box-sizing: border-box; margin: 0px; padding: 0px; border: 0px; outline: 0px; font-family: inherit; font-style: inherit; vertical-align: baseline;\">Eliminar cookies<\/li>\n<li style=\"box-sizing: border-box; margin: 0px; padding: 0px; border: 0px; outline: 0px; font-family: inherit; font-style: inherit; vertical-align: baseline;\">Bloquear cookies por predefini\u00e7\u00e3o<\/li>\n<li style=\"box-sizing: border-box; margin: 0px; padding: 0px; border: 0px; outline: 0px; font-family: inherit; font-style: inherit; vertical-align: baseline;\">Permitir cookies por pr\u00e9-defini\u00e7\u00e3o<\/li>\n<li style=\"box-sizing: border-box; margin: 0px; padding: 0px; border: 0px; outline: 0px; font-family: inherit; font-style: inherit; vertical-align: baseline;\">Manter cookies e dados do website por pr\u00e9-defini\u00e7\u00e3o at\u00e9 sair do navegador<\/li>\n<li style=\"box-sizing: border-box; margin: 0px; padding: 0px; border: 0px; outline: 0px; font-family: inherit; font-style: inherit; vertical-align: baseline;\">Criar exce\u00e7\u00f5es para cookies de websites ou dom\u00ednios espec\u00edficos<\/li>\n<\/ul>\n<p style=\"box-sizing: border-box; margin: 0px 0px 24px; padding: 0px; border: 0px; outline: 0px; font-family: Lato, Helvetica, sans-serif; vertical-align: baseline; text-align: justify; caret-color: #404040; color: #404040;\">Para mais informa\u00e7\u00f5es sobre defini\u00e7\u00f5es de cookies no Google Chrome, consulte a p\u00e1gina Chrome Ajuda.<\/p>\n<h5 style=\"box-sizing: border-box; font-family: Lato, Helvetica, sans-serif; font-weight: inherit; line-height: inherit; color: #404040; margin: 0px 0px 10px; font-size: 17px; padding: 0px; border: 0px; outline: 0px; vertical-align: baseline; clear: both; font-stretch: inherit; opacity: 1; visibility: visible; transition: opacity 0.24s ease-in-out; caret-color: #404040;\"><strong style=\"box-sizing: border-box; margin: 0px; padding: 0px; border: 0px; outline: 0px; font-family: inherit; font-style: inherit; vertical-align: baseline;\">Microsoft Internet Explorer<\/strong><\/h5>\n<ul style=\"box-sizing: border-box; margin: 0px 0px 1.5em 3em; border: 0px; outline: 0px; font-family: Lato, Helvetica, sans-serif; vertical-align: baseline; list-style-position: initial; list-style-image: initial; caret-color: #404040; color: #404040; padding: 0px 0px 0px 0px !important;\">\n<li style=\"box-sizing: border-box; margin: 0px; padding: 0px; border: 0px; outline: 0px; font-family: inherit; font-style: inherit; vertical-align: baseline;\">Clique no menu \u201cFerramentas\u201d e escolha a op\u00e7\u00e3o \u201cOp\u00e7\u00f5es de Internet\u201d<\/li>\n<li style=\"box-sizing: border-box; margin: 0px; padding: 0px; border: 0px; outline: 0px; font-family: inherit; font-style: inherit; vertical-align: baseline;\">Selecione o separador \u201cPrivacidade\u201d<\/li>\n<li style=\"box-sizing: border-box; margin: 0px; padding: 0px; border: 0px; outline: 0px; font-family: inherit; font-style: inherit; vertical-align: baseline;\">Mova a barra para o topo, onde surgir\u00e1 \u201cBloquear todos os cookies\u201d<\/li>\n<\/ul>\n<p style=\"box-sizing: border-box; margin: 0px 0px 24px; padding: 0px; border: 0px; outline: 0px; font-family: Lato, Helvetica, sans-serif; vertical-align: baseline; text-align: justify; caret-color: #404040; color: #404040;\">Para mais informa\u00e7\u00f5es sobre defini\u00e7\u00f5es de cookies Internet Explorer, consulte a p\u00e1gina da Microsoft.<\/p>\n<h5 style=\"box-sizing: border-box; font-family: Lato, Helvetica, sans-serif; font-weight: inherit; line-height: inherit; color: #404040; margin: 0px 0px 10px; font-size: 17px; padding: 0px; border: 0px; outline: 0px; vertical-align: baseline; clear: both; font-stretch: inherit; opacity: 1; visibility: visible; transition: opacity 0.24s ease-in-out; caret-color: #404040;\"><strong style=\"box-sizing: border-box; margin: 0px; padding: 0px; border: 0px; outline: 0px; font-family: inherit; font-style: inherit; vertical-align: baseline;\">Mozzilla Firefox<\/strong><\/h5>\n<ul style=\"box-sizing: border-box; margin: 0px 0px 1.5em 3em; border: 0px; outline: 0px; font-family: Lato, Helvetica, sans-serif; vertical-align: baseline; list-style-position: initial; list-style-image: initial; caret-color: #404040; color: #404040; padding: 0px 0px 0px 0px !important;\">\n<li style=\"box-sizing: border-box; margin: 0px; padding: 0px; border: 0px; outline: 0px; font-family: inherit; font-style: inherit; vertical-align: baseline;\">Clique no menu \u201cFerramentas\u201d<\/li>\n<li style=\"box-sizing: border-box; margin: 0px; padding: 0px; border: 0px; outline: 0px; font-family: inherit; font-style: inherit; vertical-align: baseline;\">Selecione \u201cOp\u00e7\u00f5es\u201d<\/li>\n<li style=\"box-sizing: border-box; margin: 0px; padding: 0px; border: 0px; outline: 0px; font-family: inherit; font-style: inherit; vertical-align: baseline;\">Clique no \u00edcone \u201cPrivacidade\u201d, que encontra no painel superior<\/li>\n<li style=\"box-sizing: border-box; margin: 0px; padding: 0px; border: 0px; outline: 0px; font-family: inherit; font-style: inherit; vertical-align: baseline;\">Na sec\u00e7\u00e3o \u201cCookies\u201d desative a op\u00e7\u00e3o \u201cAceitar cookies dos websites\u201d<\/li>\n<li style=\"box-sizing: border-box; margin: 0px; padding: 0px; border: 0px; outline: 0px; font-family: inherit; font-style: inherit; vertical-align: baseline;\">Clique em \u201cOK\u201d para guardar as altera\u00e7\u00f5es e fechar<\/li>\n<\/ul>\n<p style=\"box-sizing: border-box; margin: 0px 0px 24px; padding: 0px; border: 0px; outline: 0px; font-family: Lato, Helvetica, sans-serif; vertical-align: baseline; text-align: justify; caret-color: #404040; color: #404040;\">Para mais informa\u00e7\u00f5es sobre defini\u00e7\u00f5es de cookies no Mozilla Firefox, consulte a p\u00e1gina Mozilla Support<\/p>\n<h5 style=\"box-sizing: border-box; font-family: Lato, Helvetica, sans-serif; font-weight: inherit; line-height: inherit; color: #404040; margin: 0px 0px 10px; font-size: 17px; padding: 0px; border: 0px; outline: 0px; vertical-align: baseline; clear: both; font-stretch: inherit; opacity: 1; visibility: visible; transition: opacity 0.24s ease-in-out; caret-color: #404040;\"><strong style=\"box-sizing: border-box; margin: 0px; padding: 0px; border: 0px; outline: 0px; font-family: inherit; font-style: inherit; vertical-align: baseline;\">Safari<\/strong><\/h5>\n<ul style=\"box-sizing: border-box; margin: 0px 0px 1.5em 3em; border: 0px; outline: 0px; font-family: Lato, Helvetica, sans-serif; vertical-align: baseline; list-style-position: initial; list-style-image: initial; caret-color: #404040; color: #404040; padding: 0px 0px 0px 0px !important;\">\n<li style=\"box-sizing: border-box; margin: 0px; padding: 0px; border: 0px; outline: 0px; font-family: inherit; font-style: inherit; vertical-align: baseline;\">Clique em \u201cEditar\u201d<\/li>\n<li style=\"box-sizing: border-box; margin: 0px; padding: 0px; border: 0px; outline: 0px; font-family: inherit; font-style: inherit; vertical-align: baseline;\">Selecione \u201cPrefer\u00eancias\u201d<\/li>\n<li style=\"box-sizing: border-box; margin: 0px; padding: 0px; border: 0px; outline: 0px; font-family: inherit; font-style: inherit; vertical-align: baseline;\">No painel superior, selecione o \u00edcone \u201cPrivacidade\u201d<\/li>\n<li style=\"box-sizing: border-box; margin: 0px; padding: 0px; border: 0px; outline: 0px; font-family: inherit; font-style: inherit; vertical-align: baseline;\">Na sec\u00e7\u00e3o \u201cAceitar cookies\u201d, selecione \u201cNunca\u201d<\/li>\n<\/ul>\n<p style=\"box-sizing: border-box; margin: 0px 0px 24px; padding: 0px; border: 0px; outline: 0px; font-family: Lato, Helvetica, sans-serif; vertical-align: baseline; text-align: justify; caret-color: #404040; color: #404040;\">Para mais informa\u00e7\u00f5es sobre defini\u00e7\u00f5es de cookies no Safari, consulte a p\u00e1gina da Apple.<\/p>\n<p style=\"box-sizing: border-box; margin: 0px 0px 24px; padding: 0px; border: 0px; outline: 0px; font-family: Lato, Helvetica, sans-serif; vertical-align: baseline; text-align: justify; caret-color: #404040; color: #404040;\">Se usar outros browsers consulte: http:\/\/www.civicuk.com\/cookie-control\/browser-settings.<\/p>\n<h4 style=\"box-sizing: border-box; font-family: Lato, Helvetica, sans-serif; font-weight: inherit; line-height: inherit; color: #404040; margin: 0px 0px 10px; font-size: 18px; padding: 0px; border: 0px; outline: 0px; vertical-align: baseline; clear: both; font-stretch: inherit; opacity: 1; visibility: visible; transition: opacity 0.24s ease-in-out; caret-color: #404040;\"><strong style=\"box-sizing: border-box; margin: 0px; padding: 0px; border: 0px; outline: 0px; font-family: inherit; font-style: inherit; vertical-align: baseline;\">Altera\u00e7\u00f5es \u00e0 Pol\u00edtica de Cookies<\/strong><\/h4>\n<p style=\"box-sizing: border-box; margin: 0px 0px 24px; padding: 0px; border: 0px; outline: 0px; font-family: Lato, Helvetica, sans-serif; vertical-align: baseline; text-align: justify; caret-color: #404040; color: #404040;\">O GECP reserva-se o direito de a qualquer altura, proceder a reajustamentos ou altera\u00e7\u00f5es \u00e0 presente Pol\u00edtica de Cookies. Se continuar a usar o nosso website est\u00e1 a concordar com as referidas altera\u00e7\u00f5es.<\/p>\n<p>v.1.0<\/p>    <\/div>\n<\/div>\n<!-- \/module text -->        <\/div>\n                        <\/div>\n        <\/div>\n        <\/div>\n<!--\/themify_builder_content--><!-- AddThis Advanced Settings generic via filter on the_content --><!-- AddThis Share Buttons generic via filter on the_content -->","protected":false},"excerpt":{"rendered":"<p>POL\u00cdTICA DE PRIVACIDADEE COOKIES A leitura desta pol\u00edtica \u00e9 importante, pois ao continuar a navegar no nosso website concorda com o uso de cookies no seu browser e dispositivos utilizados, exceto se os tiver desactivado. O GECP respeita o direito&#8230;<!-- AddThis Advanced Settings generic via filter on get_the_excerpt --><!-- AddThis Share Buttons generic via filter on get_the_excerpt --><\/p>","protected":false},"author":1,"featured_media":0,"parent":0,"menu_order":0,"comment_status":"closed","ping_status":"open","template":"","meta":{"om_disable_all_campaigns":false,"_monsterinsights_skip_tracking":false,"_monsterinsights_sitenote_active":false,"_monsterinsights_sitenote_note":"","_monsterinsights_sitenote_category":0,"ngg_post_thumbnail":0},"_links":{"self":[{"href":"https:\/\/www.gecp.pt\/en\/wp-json\/wp\/v2\/pages\/3"}],"collection":[{"href":"https:\/\/www.gecp.pt\/en\/wp-json\/wp\/v2\/pages"}],"about":[{"href":"https:\/\/www.gecp.pt\/en\/wp-json\/wp\/v2\/types\/page"}],"author":[{"embeddable":true,"href":"https:\/\/www.gecp.pt\/en\/wp-json\/wp\/v2\/users\/1"}],"replies":[{"embeddable":true,"href":"https:\/\/www.gecp.pt\/en\/wp-json\/wp\/v2\/comments?post=3"}],"version-history":[{"count":24,"href":"https:\/\/www.gecp.pt\/en\/wp-json\/wp\/v2\/pages\/3\/revisions"}],"predecessor-version":[{"id":12856,"href":"https:\/\/www.gecp.pt\/en\/wp-json\/wp\/v2\/pages\/3\/revisions\/12856"}],"wp:attachment":[{"href":"https:\/\/www.gecp.pt\/en\/wp-json\/wp\/v2\/media?parent=3"}],"curies":[{"name":"wp","href":"https:\/\/api.w.org\/{rel}","templated":true}]}}